{"id":2,"date":"2016-05-10T03:48:21","date_gmt":"2016-05-10T03:48:21","guid":{"rendered":"http:\/\/energieausfall.de\/?page_id=2"},"modified":"2019-09-12T09:42:25","modified_gmt":"2019-09-12T09:42:25","slug":"sample-page","status":"publish","type":"page","link":"https:\/\/energieausfall.de\/","title":{"rendered":"Sample Page"},"content":{"rendered":"\t\t\t<!-- Cool Timeline Free V3.3.1 -->\n\t\t\t<div class=\"ctl-wrapper\" role=\"region\" aria-label=\"Timeline\">\n\t\t\t\t<div id=\"cool_timeline_1\" class=\"cool-timeline-wrapper ctl-horizontal ctl-horizontal-wrapper ctl-horizontal-timeline\" data-items=\"4\">\n\t\t\t\t\t<div class=\"ctl-wrapper-inside\">\n\t\t\t\t\t\t<div id=\"ctl-slider-container\" class=\"ctl-slider-container swiper-container swiper-container-horizontal\">\n\t\t\t\t\t\t\t<!-- Timeline Container -->\n\t\t\t\t\t\t\t<div class=\"ctl-slider-wrapper ctl-timeline-container swiper-wrapper\">\n\t\t\t\t\t\t\t\t\t\t\t\t\t\t<!-- Timeline Content --><div  id=\"ctl-story-68\" class=\"ctl-story ctl-story-icon swiper-slide odd\" data-aos=\"none\"   data-story-index=\"1\" role=\"article\"><!-- Story Date --><div class=\"ctl-labels\"><div class=\"ctl-label-big story-date\">14\/06\/2000<\/div><\/div><!-- Story Icon --><div class=\"ctl-icon\"><i class=\"fa fa-clock-o\" aria-hidden=\"true\"><\/i><\/div> <!-- Story Arrow --><div class=\"ctl-arrow\"><\/div><!-- Story Content --><div class=\"ctl-content\"><!-- Story Title --><div class=\"ctl-title story-68\" aria-label=\"2\"><a class=\"minimal_glightbox\" data-popup-id=\"#ctl-popup-68\">Atomkonsens<\/a><\/div><\/div><div id=\"ctl-popup-68\" class=\"ctl_popup_hide\">\n\t\t\t\t<div class=\"ctl_popup_container\">\n\t\t\t\t\t<div class=\"ctl_popup_date\"><!-- Story Date --><div class=\"ctl-labels\"><div class=\"ctl-label-big story-date\">14\/06\/2000<\/div><\/div><\/div>\n\t\t\t\t\t<h2 class=\"ctl_popup_title\">Atomkonsens<\/h2>\n\t\t\t\t\t<div class=\"ctl_popup_media\"><\/div>\n\t\t\t\t\t<div class=\"ctl_popup_desc\"><!-- Story Description --><div class=\"ctl-description\"><p>Die Bundesregierung unter SPD und Gr\u00fcnen beschlie\u00dft den Atomausstieg. Zu diesem Zeitpunkt bezieht Deutschland 30 % seines Stroms aus Atomkraftwerken.<\/p>\n<\/div><\/div>\n\t\t\t\t<\/div>\n\t\t\t<\/div><\/div><!-- Timeline Content --><div  id=\"ctl-story-311\" class=\"ctl-story ctl-story-icon swiper-slide even\" data-aos=\"none\"   data-story-index=\"2\" role=\"article\"><!-- Story Date --><div class=\"ctl-labels\"><div class=\"ctl-label-big story-date\">14\/11\/2003<\/div><\/div><!-- Story Icon --><div class=\"ctl-icon\"><i class=\"fa fa-clock-o\" aria-hidden=\"true\"><\/i><\/div> <!-- Story Arrow --><div class=\"ctl-arrow\"><\/div><!-- Story Content --><div class=\"ctl-content\"><!-- Story Title --><div class=\"ctl-title story-311\" aria-label=\"2\"><a class=\"minimal_glightbox\" data-popup-id=\"#ctl-popup-311\">Erstes Kernkraftwerk geht vom Netz<\/a><\/div><\/div><div id=\"ctl-popup-311\" class=\"ctl_popup_hide\">\n\t\t\t\t<div class=\"ctl_popup_container\">\n\t\t\t\t\t<div class=\"ctl_popup_date\"><!-- Story Date --><div class=\"ctl-labels\"><div class=\"ctl-label-big story-date\">14\/11\/2003<\/div><\/div><\/div>\n\t\t\t\t\t<h2 class=\"ctl_popup_title\">Erstes Kernkraftwerk geht vom Netz<\/h2>\n\t\t\t\t\t<div class=\"ctl_popup_media\"><\/div>\n\t\t\t\t\t<div class=\"ctl_popup_desc\"><!-- Story Description --><div class=\"ctl-description\"><p>Mit dem Kernkraftwerk Stade geht das erste KKW nach dem beschlossenen Atomausstieg vom Netz. Das KKW Stade hatte eine Netto-Leistung von 640 MW (0,64 GW). <\/p>\n<\/div><\/div>\n\t\t\t\t<\/div>\n\t\t\t<\/div><\/div><!-- Timeline Content --><div  id=\"ctl-story-12\" class=\"ctl-story ctl-story-icon swiper-slide odd\" data-aos=\"none\"   data-story-index=\"3\" role=\"article\"><!-- Story Date --><div class=\"ctl-labels\"><div class=\"ctl-label-big story-date\">27\/09\/2009<\/div><\/div><!-- Story Icon --><div class=\"ctl-icon\"><i class=\"fa fa-clock-o\" aria-hidden=\"true\"><\/i><\/div> <!-- Story Arrow --><div class=\"ctl-arrow\"><\/div><!-- Story Content --><div class=\"ctl-content\"><!-- Story Title --><div class=\"ctl-title story-12\" aria-label=\"2\"><a class=\"minimal_glightbox\" data-popup-id=\"#ctl-popup-12\">Laufzeitverl\u00e4ngerungen<\/a><\/div><\/div><div id=\"ctl-popup-12\" class=\"ctl_popup_hide\">\n\t\t\t\t<div class=\"ctl_popup_container\">\n\t\t\t\t\t<div class=\"ctl_popup_date\"><!-- Story Date --><div class=\"ctl-labels\"><div class=\"ctl-label-big story-date\">27\/09\/2009<\/div><\/div><\/div>\n\t\t\t\t\t<h2 class=\"ctl_popup_title\">Laufzeitverl\u00e4ngerungen<\/h2>\n\t\t\t\t\t<div class=\"ctl_popup_media\"><\/div>\n\t\t\t\t\t<div class=\"ctl_popup_desc\"><!-- Story Description --><div class=\"ctl-description\"><p>Die neue Bundesregierung unter CDU\/CSU und FDP beschlie\u00dft eine Laufzeitverl\u00e4ngerung f\u00fcr deutsche Atomkraftwerke. Zudem bekennt sich die Regierung ausdr\u00fccklich zum Neubau \u201ehocheffizienter Kohlekraftwerke\u201c, um die wegfallenden Kapazit\u00e4ten zu ersetzen.<\/p>\n<\/div><\/div>\n\t\t\t\t<\/div>\n\t\t\t<\/div><\/div><!-- Timeline Content --><div  id=\"ctl-story-11\" class=\"ctl-story ctl-story-icon swiper-slide even\" data-aos=\"none\"   data-story-index=\"4\" role=\"article\"><!-- Story Date --><div class=\"ctl-labels\"><div class=\"ctl-label-big story-date\">11\/03\/2011<\/div><\/div><!-- Story Icon --><div class=\"ctl-icon\"><i class=\"fa fa-clock-o\" aria-hidden=\"true\"><\/i><\/div> <!-- Story Arrow --><div class=\"ctl-arrow\"><\/div><!-- Story Content --><div class=\"ctl-content\"><!-- Story Title --><div class=\"ctl-title story-11\" aria-label=\"2\"><a class=\"minimal_glightbox\" data-popup-id=\"#ctl-popup-11\">Fukushima<\/a><\/div><\/div><div id=\"ctl-popup-11\" class=\"ctl_popup_hide\">\n\t\t\t\t<div class=\"ctl_popup_container\">\n\t\t\t\t\t<div class=\"ctl_popup_date\"><!-- Story Date --><div class=\"ctl-labels\"><div class=\"ctl-label-big story-date\">11\/03\/2011<\/div><\/div><\/div>\n\t\t\t\t\t<h2 class=\"ctl_popup_title\">Fukushima<\/h2>\n\t\t\t\t\t<div class=\"ctl_popup_media\"><\/div>\n\t\t\t\t\t<div class=\"ctl_popup_desc\"><!-- Story Description --><div class=\"ctl-description\"><p>Am 11. M\u00e4rz 2011 l\u00f6st ein Erdbeben der St\u00e4rke 9 vor Japans K\u00fcste einen Tsunami aus. Eine 15 Meter hohe Welle trifft das Atomkraftwerk Fukushima Daiichi. In drei der sechs Reaktoren kommt es zu einer Kernschmelze.<\/p>\n<p>Drei Tage sp\u00e4ter verk\u00fcndet Kanzlerin Merkel ein \u201eAtom-Moratorium\u201c. Alle 17 deutschen Atomkraftwerke werden einer Sicherheitspr\u00fcfung unterzogen, die acht \u00e4ltesten Reaktoren abgeschaltet. Insgesamt wird eine Kapazit\u00e4t von 8,4 Gigawatt vom Netz genommen. Die 2009 beschlossene Laufzeitverl\u00e4ngerung wird zur\u00fcckgenommen. Nun soll doch bis 2022 aus der Atomkraft ausgestiegen werden. Damit kehrt Deutschland praktisch zum rot-gr\u00fcnen Ausstiegsbeschluss zur\u00fcck. Im Bundestag stimmt eine breite Mehrheit f\u00fcr den neuerlichen Atomausstieg. <\/p>\n<\/div><\/div>\n\t\t\t\t<\/div>\n\t\t\t<\/div><\/div><!-- Timeline Content --><div  id=\"ctl-story-71\" class=\"ctl-story ctl-story-icon swiper-slide odd\" data-aos=\"none\"   data-story-index=\"5\" role=\"article\"><!-- Story Date --><div class=\"ctl-labels\"><div class=\"ctl-label-big story-date\">17\/12\/2013<\/div><\/div><!-- Story Icon --><div class=\"ctl-icon\"><i class=\"fa fa-clock-o\" aria-hidden=\"true\"><\/i><\/div> <!-- Story Arrow --><div class=\"ctl-arrow\"><\/div><!-- Story Content --><div class=\"ctl-content\"><!-- Story Title --><div class=\"ctl-title story-71\" aria-label=\"2\"><a class=\"minimal_glightbox\" data-popup-id=\"#ctl-popup-71\">Endg\u00fcltiges Ende der Atomenergie<\/a><\/div><\/div><div id=\"ctl-popup-71\" class=\"ctl_popup_hide\">\n\t\t\t\t<div class=\"ctl_popup_container\">\n\t\t\t\t\t<div class=\"ctl_popup_date\"><!-- Story Date --><div class=\"ctl-labels\"><div class=\"ctl-label-big story-date\">17\/12\/2013<\/div><\/div><\/div>\n\t\t\t\t\t<h2 class=\"ctl_popup_title\">Endg\u00fcltiges Ende der Atomenergie<\/h2>\n\t\t\t\t\t<div class=\"ctl_popup_media\"><\/div>\n\t\t\t\t\t<div class=\"ctl_popup_desc\"><!-- Story Description --><div class=\"ctl-description\"><p>Die neue &#8220;Gro\u00dfe Koalition&#8221; aus CDU\/CSU und SPD best\u00e4tigt den Atomausstieg bis 2022.<\/p>\n<\/div><\/div>\n\t\t\t\t<\/div>\n\t\t\t<\/div><\/div><!-- Timeline Content --><div  id=\"ctl-story-72\" class=\"ctl-story ctl-story-icon swiper-slide even\" data-aos=\"none\"   data-story-index=\"6\" role=\"article\"><!-- Story Date --><div class=\"ctl-labels\"><div class=\"ctl-label-big story-date\">03\/12\/2014<\/div><\/div><!-- Story Icon --><div class=\"ctl-icon\"><i class=\"fa fa-clock-o\" aria-hidden=\"true\"><\/i><\/div> <!-- Story Arrow --><div class=\"ctl-arrow\"><\/div><!-- Story Content --><div class=\"ctl-content\"><!-- Story Title --><div class=\"ctl-title story-72\" aria-label=\"2\"><a class=\"minimal_glightbox\" data-popup-id=\"#ctl-popup-72\">Aktionsprogramm Klimaschutz 2020<\/a><\/div><\/div><div id=\"ctl-popup-72\" class=\"ctl_popup_hide\">\n\t\t\t\t<div class=\"ctl_popup_container\">\n\t\t\t\t\t<div class=\"ctl_popup_date\"><!-- Story Date --><div class=\"ctl-labels\"><div class=\"ctl-label-big story-date\">03\/12\/2014<\/div><\/div><\/div>\n\t\t\t\t\t<h2 class=\"ctl_popup_title\">Aktionsprogramm Klimaschutz 2020<\/h2>\n\t\t\t\t\t<div class=\"ctl_popup_media\"><\/div>\n\t\t\t\t\t<div class=\"ctl_popup_desc\"><!-- Story Description --><div class=\"ctl-description\"><p>Das Bundeskabinett beschlie\u00dft das Aktionsprogramm Klimaschutz 2020. Dieses sieht vor, dass Deutschland seine Emissionen bis 2020 um 40 Prozent gegen\u00fcber 1990 senkt.\u00a0 Deutschlands Stromwirtschaft soll rund ein Viertel davon beisteuern.<\/p>\n<\/div><\/div>\n\t\t\t\t<\/div>\n\t\t\t<\/div><\/div><!-- Timeline Content --><div  id=\"ctl-story-312\" class=\"ctl-story ctl-story-icon swiper-slide odd\" data-aos=\"none\"   data-story-index=\"7\" role=\"article\"><!-- Story Date --><div class=\"ctl-labels\"><div class=\"ctl-label-big story-date\">27\/06\/2015<\/div><\/div><!-- Story Icon --><div class=\"ctl-icon\"><i class=\"fa fa-clock-o\" aria-hidden=\"true\"><\/i><\/div> <!-- Story Arrow --><div class=\"ctl-arrow\"><\/div><!-- Story Content --><div class=\"ctl-content\"><!-- Story Title --><div class=\"ctl-title story-312\" aria-label=\"2\"><a class=\"minimal_glightbox\" data-popup-id=\"#ctl-popup-312\">Planm\u00e4\u00dfige Abschaltung deutscher Kernkraftwerke<\/a><\/div><\/div><div id=\"ctl-popup-312\" class=\"ctl_popup_hide\">\n\t\t\t\t<div class=\"ctl_popup_container\">\n\t\t\t\t\t<div class=\"ctl_popup_date\"><!-- Story Date --><div class=\"ctl-labels\"><div class=\"ctl-label-big story-date\">27\/06\/2015<\/div><\/div><\/div>\n\t\t\t\t\t<h2 class=\"ctl_popup_title\">Planm\u00e4\u00dfige Abschaltung deutscher Kernkraftwerke<\/h2>\n\t\t\t\t\t<div class=\"ctl_popup_media\"><\/div>\n\t\t\t\t\t<div class=\"ctl_popup_desc\"><!-- Story Description --><div class=\"ctl-description\"><p>Mit dem KKW Grafenrheinfeld geht nach der sofortigen Abschaltung von 8 AKW nach dem Unfall in Fukushima das erste KKW nach dem neuen Ausstiegsplan vom Netz. Das KKW Grafenrheinfeld hatte eine Netto-Leistung von 1275 MW (1,27 GW). <\/p>\n<\/div><\/div>\n\t\t\t\t<\/div>\n\t\t\t<\/div><\/div><!-- Timeline Content --><div  id=\"ctl-story-271\" class=\"ctl-story ctl-story-icon swiper-slide even\" data-aos=\"none\"   data-story-index=\"8\" role=\"article\"><!-- Story Date --><div class=\"ctl-labels\"><div class=\"ctl-label-big story-date\">25\/01\/2019<\/div><\/div><!-- Story Icon --><div class=\"ctl-icon\"><i class=\"fa fa-clock-o\" aria-hidden=\"true\"><\/i><\/div> <!-- Story Arrow --><div class=\"ctl-arrow\"><\/div><!-- Story Content --><div class=\"ctl-content\"><!-- Story Title --><div class=\"ctl-title story-271\" aria-label=\"2\"><a class=\"minimal_glightbox\" data-popup-id=\"#ctl-popup-271\">Abschlussbericht Kohlekomission<\/a><\/div><\/div><div id=\"ctl-popup-271\" class=\"ctl_popup_hide\">\n\t\t\t\t<div class=\"ctl_popup_container\">\n\t\t\t\t\t<div class=\"ctl_popup_date\"><!-- Story Date --><div class=\"ctl-labels\"><div class=\"ctl-label-big story-date\">25\/01\/2019<\/div><\/div><\/div>\n\t\t\t\t\t<h2 class=\"ctl_popup_title\">Abschlussbericht Kohlekomission<\/h2>\n\t\t\t\t\t<div class=\"ctl_popup_media\"><\/div>\n\t\t\t\t\t<div class=\"ctl_popup_desc\"><!-- Story Description --><div class=\"ctl-description\"><p>Die von der Bundesregierung eingesetzte sog. &#8220;Kohlekomission&#8221; empfiehlt ein Ende der Kohleverstromung bis zum Jahr 2038. Nach M\u00f6glichkeit sollte dieses Ziel auf 2035 vorgezogen werden. <\/p>\n<\/div><\/div>\n\t\t\t\t<\/div>\n\t\t\t<\/div><\/div><!-- Timeline Content --><div  id=\"ctl-story-580\" class=\"ctl-story ctl-story-icon swiper-slide odd\" data-aos=\"none\"   data-story-index=\"9\" role=\"article\"><!-- Story Date --><div class=\"ctl-labels\"><div class=\"ctl-label-big story-date\">01\/01\/2021<\/div><\/div><!-- Story Icon --><div class=\"ctl-icon\"><i class=\"fa fa-clock-o\" aria-hidden=\"true\"><\/i><\/div> <!-- Story Arrow --><div class=\"ctl-arrow\"><\/div><!-- Story Content --><div class=\"ctl-content\"><!-- Story Title --><div class=\"ctl-title story-580\" aria-label=\"2\"><a class=\"minimal_glightbox\" data-popup-id=\"#ctl-popup-580\">Der Kohleausstieg beginnt<\/a><\/div><\/div><div id=\"ctl-popup-580\" class=\"ctl_popup_hide\">\n\t\t\t\t<div class=\"ctl_popup_container\">\n\t\t\t\t\t<div class=\"ctl_popup_date\"><!-- Story Date --><div class=\"ctl-labels\"><div class=\"ctl-label-big story-date\">01\/01\/2021<\/div><\/div><\/div>\n\t\t\t\t\t<h2 class=\"ctl_popup_title\">Der Kohleausstieg beginnt<\/h2>\n\t\t\t\t\t<div class=\"ctl_popup_media\"><\/div>\n\t\t\t\t\t<div class=\"ctl_popup_desc\"><!-- Story Description --><div class=\"ctl-description\"><p>Am 01.01.2021 wurden die ersten Kohlekraftwerke nach dem von der Bundesregierung beschlossenen Kohleausstieg abgeschaltet. Dabei gingen 4,7 GW vom Netz. Bereits am 08.01.2021 mussten einige der Kraftwerke jedoch wieder angefahren werden, um die Versorgungssicherheit zu gew\u00e4hrleisten. <\/p>\n<\/div><\/div>\n\t\t\t\t<\/div>\n\t\t\t<\/div><\/div><!-- Timeline Content --><div  id=\"ctl-story-313\" class=\"ctl-story ctl-story-icon swiper-slide even\" data-aos=\"none\"   data-story-index=\"10\" role=\"article\"><!-- Story Date --><div class=\"ctl-labels\"><div class=\"ctl-label-big story-date\">31\/12\/2022<\/div><\/div><!-- Story Icon --><div class=\"ctl-icon\"><i class=\"fa fa-clock-o\" aria-hidden=\"true\"><\/i><\/div> <!-- Story Arrow --><div class=\"ctl-arrow\"><\/div><!-- Story Content --><div class=\"ctl-content\"><!-- Story Title --><div class=\"ctl-title story-313\" aria-label=\"2\"><a class=\"minimal_glightbox\" data-popup-id=\"#ctl-popup-313\">Das letzte deutsche Kernkraftwerk geht vom Netz<\/a><\/div><\/div><div id=\"ctl-popup-313\" class=\"ctl_popup_hide\">\n\t\t\t\t<div class=\"ctl_popup_container\">\n\t\t\t\t\t<div class=\"ctl_popup_date\"><!-- Story Date --><div class=\"ctl-labels\"><div class=\"ctl-label-big story-date\">31\/12\/2022<\/div><\/div><\/div>\n\t\t\t\t\t<h2 class=\"ctl_popup_title\">Das letzte deutsche Kernkraftwerk geht vom Netz<\/h2>\n\t\t\t\t\t<div class=\"ctl_popup_media\"><\/div>\n\t\t\t\t\t<div class=\"ctl_popup_desc\"><!-- Story Description --><div class=\"ctl-description\"><p>Mit den drei KKWs Isar 2, Emsland und Neckarwestheim 2 gehen die letzten deutschen Kernkraftwerke planm\u00e4\u00dfig vom Netz. Die drei KKW hatten je eine Netto-Leistung von \u00fcber 1300 MW (1,3 GW). Somit fallen auf einen Schlag \u00fcber 4 GW an grundlastf\u00e4higer Energieerzeugungskapazit\u00e4t weg.<\/p>\n<\/div><\/div>\n\t\t\t\t<\/div>\n\t\t\t<\/div><\/div>\t\t\t\t\t\t\t<\/div>\n\t\t\t\t\t\t\t<span class=\"swiper-notification\" aria-live=\"assertive\" aria-atomic=\"true\"><\/span>\n\t\t\t\t\t\t<\/div>\n\t\t\t\t\t<\/div>\n\t\t\t\t\t<!-- Swiper Next button -->\n\t\t\t\t\t<div class=\"ctl-button-prev swiper-button-disabled\" tabindex=\"0\" role=\"button\" aria-label=\"Previous slide\" aria-disabled=\"true\">\n\t\t\t\t\t\t\t\t\t\t\t\t<svg xmlns=\"http:\/\/www.w3.org\/2000\/svg\" height=\"1em\" viewBox=\"0 0 320 512\">\n\t\t\t\t<path d=\"M34.52 239.03L228.87 44.69c9.37-9.37 24.57-9.37 33.94 0l22.67 22.67c9.36 9.36 9.37 24.52.04 33.9L131.49 256l154.02 154.75c9.34 9.38 9.32 24.54-.04 33.9l-22.67 22.67c-9.37 9.37-24.57 9.37-33.94 0L34.52 272.97c-9.37-9.37-9.37-24.57 0-33.94z\"\/>\n\t\t\t\t<\/svg>\t\t\t\t\t<\/div>\n\t\t\t\t\t<!-- Swiper Previous Button -->\n\t\t\t\t\t<div class=\"ctl-button-next\" tabindex=\"0\" role=\"button\" aria-label=\"Next slide\" aria-disabled=\"false\">\n\t\t\t\t\t\t\t\t\t\t\t\t<svg xmlns=\"http:\/\/www.w3.org\/2000\/svg\" height=\"1em\" viewBox=\"0 0 320 512\">\n\t\t\t\t<path d=\"M285.476 272.971L91.132 467.314c-9.373 9.373-24.569 9.373-33.941 0l-22.667-22.667c-9.357-9.357-9.375-24.522-.04-33.901L188.505 256 34.484 101.255c-9.335-9.379-9.317-24.544.04-33.901l22.667-22.667c9.373-9.373 24.569-9.373 33.941 0L285.475 239.03c9.373 9.372 9.373 24.568.001 33.941z\"\/>\n\t\t\t\t<\/svg>\t\t\t\t\t<\/div>\n\t\t\t\t\t<!-- Swiper Horizontal line -->\n\t\t\t\t\t<div class=\"ctl-h-line\"><\/div>\n\t\t\t\t<\/div>\n\t\t\t<\/div>\n\t\t\t\n","protected":false},"excerpt":{"rendered":"","protected":false},"author":1,"featured_media":0,"parent":0,"menu_order":0,"comment_status":"closed","ping_status":"open","template":"template-frontpage.php","meta":{"_monsterinsights_skip_tracking":false,"_monsterinsights_sitenote_active":false,"_monsterinsights_sitenote_note":"","_monsterinsights_sitenote_category":0,"footnotes":""},"class_list":["post-2","page","type-page","status-publish","hentry"],"_links":{"self":[{"href":"https:\/\/energieausfall.de\/index.php?rest_route=\/wp\/v2\/pages\/2","targetHints":{"allow":["GET"]}}],"collection":[{"href":"https:\/\/energieausfall.de\/index.php?rest_route=\/wp\/v2\/pages"}],"about":[{"href":"https:\/\/energieausfall.de\/index.php?rest_route=\/wp\/v2\/types\/page"}],"author":[{"embeddable":true,"href":"https:\/\/energieausfall.de\/index.php?rest_route=\/wp\/v2\/users\/1"}],"replies":[{"embeddable":true,"href":"https:\/\/energieausfall.de\/index.php?rest_route=%2Fwp%2Fv2%2Fcomments&post=2"}],"version-history":[{"count":1,"href":"https:\/\/energieausfall.de\/index.php?rest_route=\/wp\/v2\/pages\/2\/revisions"}],"predecessor-version":[{"id":19,"href":"https:\/\/energieausfall.de\/index.php?rest_route=\/wp\/v2\/pages\/2\/revisions\/19"}],"wp:attachment":[{"href":"https:\/\/energieausfall.de\/index.php?rest_route=%2Fwp%2Fv2%2Fmedia&parent=2"}],"curies":[{"name":"wp","href":"https:\/\/api.w.org\/{rel}","templated":true}]}}